{"id":55,"date":"2023-06-05T03:46:31","date_gmt":"2023-06-05T03:46:31","guid":{"rendered":"https:\/\/technowebstore.com\/vedicto-wordpress\/?page_id=55"},"modified":"2025-03-14T07:08:09","modified_gmt":"2025-03-14T07:08:09","slug":"blogs","status":"publish","type":"page","link":"https:\/\/ifyter.com\/?page_id=55","title":{"rendered":"Proyectos"},"content":{"rendered":"\t\t<div data-elementor-type=\"wp-page\" data-elementor-id=\"55\" class=\"elementor elementor-55\">\n\t\t\t\t\t\t<section class=\"has_eae_slider elementor-section elementor-top-section elementor-element elementor-element-7ef145d elementor-section-full_width elementor-section-height-default elementor-section-height-default\" data-id=\"7ef145d\" data-element_type=\"section\" data-settings=\"{&quot;background_background&quot;:&quot;classic&quot;}\">\n\t\t\t\t\t\t\t<div class=\"elementor-background-overlay\"><\/div>\n\t\t\t\t\t\t\t<div class=\"elementor-container elementor-column-gap-default\">\n\t\t\t\t\t<div class=\"has_eae_slider elementor-column elementor-col-100 elementor-top-column elementor-element elementor-element-cb98c81\" data-id=\"cb98c81\" data-element_type=\"column\">\n\t\t\t<div class=\"elementor-widget-wrap elementor-element-populated\">\n\t\t\t\t\t\t<section class=\"has_eae_slider elementor-section elementor-inner-section elementor-element elementor-element-9bc66a5 elementor-section-boxed elementor-section-height-default elementor-section-height-default\" data-id=\"9bc66a5\" data-element_type=\"section\">\n\t\t\t\t\t\t<div class=\"elementor-container elementor-column-gap-default\">\n\t\t\t\t\t<div class=\"has_eae_slider elementor-column elementor-col-50 elementor-inner-column elementor-element elementor-element-cc26353\" data-id=\"cc26353\" data-element_type=\"column\">\n\t\t\t<div class=\"elementor-widget-wrap elementor-element-populated\">\n\t\t\t\t\t\t<div class=\"elementor-element elementor-element-b1aa59c elementor-widget elementor-widget-page-title\" data-id=\"b1aa59c\" data-element_type=\"widget\" data-settings=\"{&quot;align&quot;:&quot;left&quot;}\" data-widget_type=\"page-title.default\">\n\t\t\t\t<div class=\"elementor-widget-container\">\n\t\t\t\t\t\t\t\n\t\t<div class=\"hfe-page-title hfe-page-title-wrapper elementor-widget-heading\">\n\n\t\t\t\t\t\t\t\t\t\t\t<a href=\"https:\/\/ifyter.com\">\n\t\t\t\t\t\t<h2 class=\"elementor-heading-title elementor-size-default\">\n\t\t\t\t\t\t\t\t\n\t\t\t\tProyectos  \n\t\t\t<\/h2 > \n\t\t\t\t\t\t\t\t\t<\/a>\n\t\t\t\t\t<\/div>\n\t\t\t\t\t\t<\/div>\n\t\t\t\t<\/div>\n\t\t\t\t<div class=\"elementor-element elementor-element-277c4cb elementor-widget elementor-widget-html\" data-id=\"277c4cb\" data-element_type=\"widget\" data-widget_type=\"html.default\">\n\t\t\t\t<div class=\"elementor-widget-container\">\n\t\t\t\t\t<div class=\"breadcrumb-link\">\r\n<a href=\"https:\/\/sunlike-wordpress.technowebstore.com\/\">\r\nHome\r\n<\/a>\r\n<span class=\"currentm\">Proyectos<\/span>\r\n<\/div>\t\t\t\t<\/div>\n\t\t\t\t<\/div>\n\t\t\t\t\t<\/div>\n\t\t<\/div>\n\t\t\t\t<div class=\"has_eae_slider elementor-column elementor-col-50 elementor-inner-column elementor-element elementor-element-c022e2a\" data-id=\"c022e2a\" data-element_type=\"column\">\n\t\t\t<div class=\"elementor-widget-wrap\">\n\t\t\t\t\t\t\t<\/div>\n\t\t<\/div>\n\t\t\t\t\t<\/div>\n\t\t<\/section>\n\t\t\t\t\t<\/div>\n\t\t<\/div>\n\t\t\t\t\t<\/div>\n\t\t<\/section>\n\t\t\t\t<section class=\"has_eae_slider elementor-section elementor-top-section elementor-element elementor-element-ab7a670 elementor-section-boxed elementor-section-height-default elementor-section-height-default\" data-id=\"ab7a670\" data-element_type=\"section\">\n\t\t\t\t\t\t<div class=\"elementor-container elementor-column-gap-default\">\n\t\t\t\t\t<div class=\"has_eae_slider elementor-column elementor-col-100 elementor-top-column elementor-element elementor-element-6ad3760\" data-id=\"6ad3760\" data-element_type=\"column\">\n\t\t\t<div class=\"elementor-widget-wrap elementor-element-populated\">\n\t\t\t\t\t\t<section class=\"has_eae_slider elementor-section elementor-inner-section elementor-element elementor-element-cfa48a1 elementor-section-boxed elementor-section-height-default elementor-section-height-default\" data-id=\"cfa48a1\" data-element_type=\"section\">\n\t\t\t\t\t\t<div class=\"elementor-container elementor-column-gap-default\">\n\t\t\t\t\t<div class=\"has_eae_slider elementor-column elementor-col-100 elementor-inner-column elementor-element elementor-element-8fa7705\" data-id=\"8fa7705\" data-element_type=\"column\">\n\t\t\t<div class=\"elementor-widget-wrap elementor-element-populated\">\n\t\t\t\t\t\t<div class=\"elementor-element elementor-element-8a5b0b9 elementor-widget elementor-widget-heading\" data-id=\"8a5b0b9\" data-element_type=\"widget\" data-widget_type=\"heading.default\">\n\t\t\t\t<div class=\"elementor-widget-container\">\n\t\t\t\t\t<h2 class=\"elementor-heading-title elementor-size-default\">Proyectos<\/h2>\t\t\t\t<\/div>\n\t\t\t\t<\/div>\n\t\t\t\t<div class=\"elementor-element elementor-element-1c0bd03 elementor-widget elementor-widget-text-editor\" data-id=\"1c0bd03\" data-element_type=\"widget\" data-widget_type=\"text-editor.default\">\n\t\t\t\t<div class=\"elementor-widget-container\">\n\t\t\t\t\t\t\t\t\t<p>A continuaci\u00f3n te presentamos algunas muestras de nuestros proyectos<\/p>\t\t\t\t\t\t\t\t<\/div>\n\t\t\t\t<\/div>\n\t\t\t\t\t<\/div>\n\t\t<\/div>\n\t\t\t\t\t<\/div>\n\t\t<\/section>\n\t\t\t\t\t<\/div>\n\t\t<\/div>\n\t\t\t\t\t<\/div>\n\t\t<\/section>\n\t\t<div class=\"has_eae_slider elementor-element elementor-element-358922b e-flex e-con-boxed e-con e-parent\" data-id=\"358922b\" data-element_type=\"container\">\n\t\t\t\t\t<div class=\"e-con-inner\">\n\t\t\t\t<div class=\"elementor-element elementor-element-e4d15c0 elementor-widget elementor-widget-elementskit-blog-posts\" data-id=\"e4d15c0\" data-element_type=\"widget\" data-widget_type=\"elementskit-blog-posts.default\">\n\t\t\t\t<div class=\"elementor-widget-container\">\n\t\t\t\t\t<div class=\"ekit-wid-con\" >        <div id=\"post-items--e4d15c0\" class=\"row post-items\">\n                    <div class=\"col-lg-4 col-md-6\">\n\n                                    <div class=\"elementskit-post-image-card\">\n                        <div class=\"elementskit-entry-header\">\n                                                            <a href=\"https:\/\/ifyter.com\/?p=2761\" class=\"elementskit-entry-thumb\">\n                                    <img decoding=\"async\" src=\"https:\/\/ifyter.com\/wp-content\/uploads\/2025\/03\/013-residencial-coplanar-e1741767774178-150x150.jpg\" alt=\"Fotovoltaica Autoconsumo Residencial en l\u2019Horta Nord\">\n                                <\/a><!-- .elementskit-entry-thumb END -->\n                                                            \n                            \n\t\t\t\t\t\t\t\t\t\t\t\t\t<\/div><!-- .elementskit-entry-header END -->\n\n\t\t\t\t\t\t<div class=\"elementskit-post-body \">\n\t\t\t\t\t\t\t\n\t\t\t\t\t\t\t\t\t\t\t\t\t\t\t\t\t\t\t\t\t\t\t\t\t\t\t\t\t\t\n\t\t\t\t\t\t\t\t\n\t\t\t\t\t\t\t\t\t\t\t\t\t\t\t\t\t\t\t\t\t<h2 class=\"entry-title\">\n\t\t\t\t\t<a href=\"https:\/\/ifyter.com\/?p=2761\">\n\t\t\t\t\t\tFotovoltaica Autoconsumo Residencial en l\u2019Horta Nord\t\t\t\t\t<\/a>\n\t\t\t\t<\/h2>\n\t\t\t\t\t\t\t\t\t\t\t\t\t\t\t\t\t\t\t\t\t\t\t\t\t\t\t\t\t\t\t\t                                                            <div class=\"btn-wraper\">\n                                    \n                                                                            <a class=\"elementskit-btn whitespace--normal\" id=\"\" href=\"https:\/\/ifyter.com\/?p=2761\">\n                                        \t                                            Saber m\u00e1s                                         <\/a>\n                                                                    <\/div>\n                                                    <\/div><!-- .elementskit-post-body END -->\n                    <\/div>\n                \n            <\/div>\n                    <div class=\"col-lg-4 col-md-6\">\n\n                                    <div class=\"elementskit-post-image-card\">\n                        <div class=\"elementskit-entry-header\">\n                                                            <a href=\"https:\/\/ifyter.com\/?p=2713\" class=\"elementskit-entry-thumb\">\n                                    <img decoding=\"async\" src=\"https:\/\/ifyter.com\/wp-content\/uploads\/2025\/03\/012-Renovacion-instalaciones-de-enlace-150x150.jpg\" alt=\"Renovaci\u00f3n Instalaci\u00f3n Enlace en Comunidad de Propietarios\">\n                                <\/a><!-- .elementskit-entry-thumb END -->\n                                                            \n                            \n\t\t\t\t\t\t\t\t\t\t\t\t\t<\/div><!-- .elementskit-entry-header END -->\n\n\t\t\t\t\t\t<div class=\"elementskit-post-body \">\n\t\t\t\t\t\t\t\n\t\t\t\t\t\t\t\t\t\t\t\t\t\t\t\t\t\t\t\t\t\t\t\t\t\t\t\t\t\t\n\t\t\t\t\t\t\t\t\n\t\t\t\t\t\t\t\t\t\t\t\t\t\t\t\t\t\t\t\t\t<h2 class=\"entry-title\">\n\t\t\t\t\t<a href=\"https:\/\/ifyter.com\/?p=2713\">\n\t\t\t\t\t\tRenovaci\u00f3n Instalaci\u00f3n Enlace en Comunidad de Propietarios\t\t\t\t\t<\/a>\n\t\t\t\t<\/h2>\n\t\t\t\t\t\t\t\t\t\t\t\t\t\t\t\t\t\t\t\t\t\t\t\t\t\t\t\t\t\t\t\t                                                            <div class=\"btn-wraper\">\n                                    \n                                                                            <a class=\"elementskit-btn whitespace--normal\" id=\"\" href=\"https:\/\/ifyter.com\/?p=2713\">\n                                        \t                                            Saber m\u00e1s                                         <\/a>\n                                                                    <\/div>\n                                                    <\/div><!-- .elementskit-post-body END -->\n                    <\/div>\n                \n            <\/div>\n                    <div class=\"col-lg-4 col-md-6\">\n\n                                    <div class=\"elementskit-post-image-card\">\n                        <div class=\"elementskit-entry-header\">\n                                                            <a href=\"https:\/\/ifyter.com\/?p=2707\" class=\"elementskit-entry-thumb\">\n                                    <img decoding=\"async\" src=\"https:\/\/ifyter.com\/wp-content\/uploads\/2025\/03\/011-Video-porteros-en-comunidad-de-propietarios-150x150.jpg\" alt=\"Instalaci\u00f3n de Video portero autom\u00e1tico en Alm\u00e0ssera\">\n                                <\/a><!-- .elementskit-entry-thumb END -->\n                                                            \n                            \n\t\t\t\t\t\t\t\t\t\t\t\t\t<\/div><!-- .elementskit-entry-header END -->\n\n\t\t\t\t\t\t<div class=\"elementskit-post-body \">\n\t\t\t\t\t\t\t\n\t\t\t\t\t\t\t\t\t\t\t\t\t\t\t\t\t\t\t\t\t\t\t\t\t\t\t\t\t\t\n\t\t\t\t\t\t\t\t\n\t\t\t\t\t\t\t\t\t\t\t\t\t\t\t\t\t\t\t\t\t<h2 class=\"entry-title\">\n\t\t\t\t\t<a href=\"https:\/\/ifyter.com\/?p=2707\">\n\t\t\t\t\t\tInstalaci\u00f3n de Video portero autom\u00e1tico en Alm\u00e0ssera\t\t\t\t\t<\/a>\n\t\t\t\t<\/h2>\n\t\t\t\t\t\t\t\t\t\t\t\t\t\t\t\t\t\t\t\t\t\t\t\t\t\t\t\t\t\t\t\t                                                            <div class=\"btn-wraper\">\n                                    \n                                                                            <a class=\"elementskit-btn whitespace--normal\" id=\"\" href=\"https:\/\/ifyter.com\/?p=2707\">\n                                        \t                                            Saber m\u00e1s                                         <\/a>\n                                                                    <\/div>\n                                                    <\/div><!-- .elementskit-post-body END -->\n                    <\/div>\n                \n            <\/div>\n                    <div class=\"col-lg-4 col-md-6\">\n\n                                    <div class=\"elementskit-post-image-card\">\n                        <div class=\"elementskit-entry-header\">\n                                                            <a href=\"https:\/\/ifyter.com\/?p=2698\" class=\"elementskit-entry-thumb\">\n                                    <img decoding=\"async\" src=\"https:\/\/ifyter.com\/wp-content\/uploads\/2025\/03\/009-fotovoltaica-industrial-inclinadsa-1-150x150.jpg\" alt=\"Instalaci\u00f3n Fotovoltaica Aislada en Industria\">\n                                <\/a><!-- .elementskit-entry-thumb END -->\n                                                            \n                            \n\t\t\t\t\t\t\t\t\t\t\t\t\t<\/div><!-- .elementskit-entry-header END -->\n\n\t\t\t\t\t\t<div class=\"elementskit-post-body \">\n\t\t\t\t\t\t\t\n\t\t\t\t\t\t\t\t\t\t\t\t\t\t\t\t\t\t\t\t\t\t\t\t\t\t\t\t\t\t\n\t\t\t\t\t\t\t\t\n\t\t\t\t\t\t\t\t\t\t\t\t\t\t\t\t\t\t\t\t\t<h2 class=\"entry-title\">\n\t\t\t\t\t<a href=\"https:\/\/ifyter.com\/?p=2698\">\n\t\t\t\t\t\tInstalaci\u00f3n Fotovoltaica Aislada en Industria\t\t\t\t\t<\/a>\n\t\t\t\t<\/h2>\n\t\t\t\t\t\t\t\t\t\t\t\t\t\t\t\t\t\t\t\t\t\t\t\t\t\t\t\t\t\t\t\t                                                            <div class=\"btn-wraper\">\n                                    \n                                                                            <a class=\"elementskit-btn whitespace--normal\" id=\"\" href=\"https:\/\/ifyter.com\/?p=2698\">\n                                        \t                                            Saber m\u00e1s                                         <\/a>\n                                                                    <\/div>\n                                                    <\/div><!-- .elementskit-post-body END -->\n                    <\/div>\n                \n            <\/div>\n                    <div class=\"col-lg-4 col-md-6\">\n\n                                    <div class=\"elementskit-post-image-card\">\n                        <div class=\"elementskit-entry-header\">\n                                                            <a href=\"https:\/\/ifyter.com\/?p=2696\" class=\"elementskit-entry-thumb\">\n                                    <img decoding=\"async\" src=\"https:\/\/ifyter.com\/wp-content\/uploads\/2025\/03\/008-fotovoltaica-residencial-150x150.jpg\" alt=\"Fotovoltaica de Autoconsumo en Edificio de Oficinas en Paterna\">\n                                <\/a><!-- .elementskit-entry-thumb END -->\n                                                            \n                            \n\t\t\t\t\t\t\t\t\t\t\t\t\t<\/div><!-- .elementskit-entry-header END -->\n\n\t\t\t\t\t\t<div class=\"elementskit-post-body \">\n\t\t\t\t\t\t\t\n\t\t\t\t\t\t\t\t\t\t\t\t\t\t\t\t\t\t\t\t\t\t\t\t\t\t\t\t\t\t\n\t\t\t\t\t\t\t\t\n\t\t\t\t\t\t\t\t\t\t\t\t\t\t\t\t\t\t\t\t\t<h2 class=\"entry-title\">\n\t\t\t\t\t<a href=\"https:\/\/ifyter.com\/?p=2696\">\n\t\t\t\t\t\tFotovoltaica de Autoconsumo en Edificio de Oficinas en Paterna\t\t\t\t\t<\/a>\n\t\t\t\t<\/h2>\n\t\t\t\t\t\t\t\t\t\t\t\t\t\t\t\t\t\t\t\t\t\t\t\t\t\t\t\t\t\t\t\t                                                            <div class=\"btn-wraper\">\n                                    \n                                                                            <a class=\"elementskit-btn whitespace--normal\" id=\"\" href=\"https:\/\/ifyter.com\/?p=2696\">\n                                        \t                                            Saber m\u00e1s                                         <\/a>\n                                                                    <\/div>\n                                                    <\/div><!-- .elementskit-post-body END -->\n                    <\/div>\n                \n            <\/div>\n                    <div class=\"col-lg-4 col-md-6\">\n\n                                    <div class=\"elementskit-post-image-card\">\n                        <div class=\"elementskit-entry-header\">\n                                                            <a href=\"https:\/\/ifyter.com\/?p=2694\" class=\"elementskit-entry-thumb\">\n                                    <img decoding=\"async\" src=\"https:\/\/ifyter.com\/wp-content\/uploads\/2025\/03\/007-fotovoltaica-colectiva-150x150.jpg\" alt=\"Fotovoltaica de Autoconsumo Colectivo en Moncada\">\n                                <\/a><!-- .elementskit-entry-thumb END -->\n                                                            \n                            \n\t\t\t\t\t\t\t\t\t\t\t\t\t<\/div><!-- .elementskit-entry-header END -->\n\n\t\t\t\t\t\t<div class=\"elementskit-post-body \">\n\t\t\t\t\t\t\t\n\t\t\t\t\t\t\t\t\t\t\t\t\t\t\t\t\t\t\t\t\t\t\t\t\t\t\t\t\t\t\n\t\t\t\t\t\t\t\t\n\t\t\t\t\t\t\t\t\t\t\t\t\t\t\t\t\t\t\t\t\t<h2 class=\"entry-title\">\n\t\t\t\t\t<a href=\"https:\/\/ifyter.com\/?p=2694\">\n\t\t\t\t\t\tFotovoltaica de Autoconsumo Colectivo en Moncada\t\t\t\t\t<\/a>\n\t\t\t\t<\/h2>\n\t\t\t\t\t\t\t\t\t\t\t\t\t\t\t\t\t\t\t\t\t\t\t\t\t\t\t\t\t\t\t\t                                                            <div class=\"btn-wraper\">\n                                    \n                                                                            <a class=\"elementskit-btn whitespace--normal\" id=\"\" href=\"https:\/\/ifyter.com\/?p=2694\">\n                                        \t                                            Saber m\u00e1s                                         <\/a>\n                                                                    <\/div>\n                                                    <\/div><!-- .elementskit-post-body END -->\n                    <\/div>\n                \n            <\/div>\n                    <div class=\"col-lg-4 col-md-6\">\n\n                                    <div class=\"elementskit-post-image-card\">\n                        <div class=\"elementskit-entry-header\">\n                                                            <a href=\"https:\/\/ifyter.com\/?p=1\" class=\"elementskit-entry-thumb\">\n                                    <img decoding=\"async\" src=\"https:\/\/ifyter.com\/wp-content\/uploads\/2025\/03\/006-fotovoltaica-residencial-150x150.jpg\" alt=\"Fotovoltaica de Autoconsumo en La Pobla de Vallbona\">\n                                <\/a><!-- .elementskit-entry-thumb END -->\n                                                            \n                            \n\t\t\t\t\t\t\t\t\t\t\t\t\t<\/div><!-- .elementskit-entry-header END -->\n\n\t\t\t\t\t\t<div class=\"elementskit-post-body \">\n\t\t\t\t\t\t\t\n\t\t\t\t\t\t\t\t\t\t\t\t\t\t\t\t\t\t\t\t\t\t\t\t\t\t\t\t\t\t\n\t\t\t\t\t\t\t\t\n\t\t\t\t\t\t\t\t\t\t\t\t\t\t\t\t\t\t\t\t\t<h2 class=\"entry-title\">\n\t\t\t\t\t<a href=\"https:\/\/ifyter.com\/?p=1\">\n\t\t\t\t\t\tFotovoltaica de Autoconsumo en La Pobla de Vallbona\t\t\t\t\t<\/a>\n\t\t\t\t<\/h2>\n\t\t\t\t\t\t\t\t\t\t\t\t\t\t\t\t\t\t\t\t\t\t\t\t\t\t\t\t\t\t\t\t                                                            <div class=\"btn-wraper\">\n                                    \n                                                                            <a class=\"elementskit-btn whitespace--normal\" id=\"\" href=\"https:\/\/ifyter.com\/?p=1\">\n                                        \t                                            Saber m\u00e1s                                         <\/a>\n                                                                    <\/div>\n                                                    <\/div><!-- .elementskit-post-body END -->\n                    <\/div>\n                \n            <\/div>\n                <\/div>\n       <\/div>\t\t\t\t<\/div>\n\t\t\t\t<\/div>\n\t\t\t\t\t<\/div>\n\t\t\t\t<\/div>\n\t\t\t\t<\/div>\n\t\t","protected":false},"excerpt":{"rendered":"<p>Proyectos Home Proyectos Proyectos A continuaci\u00f3n te presentamos algunas muestras de nuestros proyectos Fotovoltaica Autoconsumo Residencial en l\u2019Horta Nord Saber m\u00e1s Renovaci\u00f3n Instalaci\u00f3n Enlace en Comunidad de Propietarios Saber m\u00e1s Instalaci\u00f3n de Video portero autom\u00e1tico en Alm\u00e0ssera Saber m\u00e1s Instalaci\u00f3n Fotovoltaica Aislada en Industria Saber m\u00e1s Fotovoltaica de Autoconsumo en Edificio de Oficinas en Paterna [&hellip;]<\/p>\n","protected":false},"author":1,"featured_media":0,"parent":0,"menu_order":0,"comment_status":"closed","ping_status":"closed","template":"elementor_theme","meta":{"_acf_changed":false,"footnotes":""},"class_list":["post-55","page","type-page","status-publish","hentry"],"acf":[],"yoast_head":"<!-- This site is optimized with the Yoast SEO plugin v24.6 - https:\/\/yoast.com\/wordpress\/plugins\/seo\/ -->\n<title>Proyectos - Ifyter - Soluciones Fotovoltaicas<\/title>\n<meta name=\"robots\" content=\"index, follow, max-snippet:-1, max-image-preview:large, max-video-preview:-1\" \/>\n<link rel=\"canonical\" href=\"https:\/\/ifyter.com\/?page_id=55\" \/>\n<meta property=\"og:locale\" content=\"es_ES\" \/>\n<meta property=\"og:type\" content=\"article\" \/>\n<meta property=\"og:title\" content=\"Proyectos - Ifyter - Soluciones Fotovoltaicas\" \/>\n<meta property=\"og:description\" content=\"Proyectos Home Proyectos Proyectos A continuaci\u00f3n te presentamos algunas muestras de nuestros proyectos Fotovoltaica Autoconsumo Residencial en l\u2019Horta Nord Saber m\u00e1s Renovaci\u00f3n Instalaci\u00f3n Enlace en Comunidad de Propietarios Saber m\u00e1s Instalaci\u00f3n de Video portero autom\u00e1tico en Alm\u00e0ssera Saber m\u00e1s Instalaci\u00f3n Fotovoltaica Aislada en Industria Saber m\u00e1s Fotovoltaica de Autoconsumo en Edificio de Oficinas en Paterna [&hellip;]\" \/>\n<meta property=\"og:url\" content=\"https:\/\/ifyter.com\/?page_id=55\" \/>\n<meta property=\"og:site_name\" content=\"Ifyter - Soluciones Fotovoltaicas\" \/>\n<meta property=\"article:publisher\" content=\"https:\/\/www.facebook.com\/ifyter\" \/>\n<meta property=\"article:modified_time\" content=\"2025-03-14T07:08:09+00:00\" \/>\n<meta property=\"og:image\" content=\"https:\/\/ifyter.com\/wp-content\/uploads\/2025\/03\/013-residencial-coplanar-e1741767774178-150x150.jpg\" \/>\n<meta name=\"twitter:card\" content=\"summary_large_image\" \/>\n<meta name=\"twitter:label1\" content=\"Tiempo de lectura\" \/>\n\t<meta name=\"twitter:data1\" content=\"2 minutos\" \/>\n<script type=\"application\/ld+json\" class=\"yoast-schema-graph\">{\"@context\":\"https:\/\/schema.org\",\"@graph\":[{\"@type\":\"WebPage\",\"@id\":\"https:\/\/ifyter.com\/?page_id=55\",\"url\":\"https:\/\/ifyter.com\/?page_id=55\",\"name\":\"Proyectos - Ifyter - Soluciones Fotovoltaicas\",\"isPartOf\":{\"@id\":\"https:\/\/ifyter.com\/#website\"},\"primaryImageOfPage\":{\"@id\":\"https:\/\/ifyter.com\/?page_id=55#primaryimage\"},\"image\":{\"@id\":\"https:\/\/ifyter.com\/?page_id=55#primaryimage\"},\"thumbnailUrl\":\"https:\/\/ifyter.com\/wp-content\/uploads\/2025\/03\/013-residencial-coplanar-e1741767774178-150x150.jpg\",\"datePublished\":\"2023-06-05T03:46:31+00:00\",\"dateModified\":\"2025-03-14T07:08:09+00:00\",\"breadcrumb\":{\"@id\":\"https:\/\/ifyter.com\/?page_id=55#breadcrumb\"},\"inLanguage\":\"es\",\"potentialAction\":[{\"@type\":\"ReadAction\",\"target\":[\"https:\/\/ifyter.com\/?page_id=55\"]}]},{\"@type\":\"ImageObject\",\"inLanguage\":\"es\",\"@id\":\"https:\/\/ifyter.com\/?page_id=55#primaryimage\",\"url\":\"https:\/\/ifyter.com\/wp-content\/uploads\/2025\/03\/013-residencial-coplanar-e1741767774178.jpg\",\"contentUrl\":\"https:\/\/ifyter.com\/wp-content\/uploads\/2025\/03\/013-residencial-coplanar-e1741767774178.jpg\",\"width\":640,\"height\":480},{\"@type\":\"BreadcrumbList\",\"@id\":\"https:\/\/ifyter.com\/?page_id=55#breadcrumb\",\"itemListElement\":[{\"@type\":\"ListItem\",\"position\":1,\"name\":\"Portada\",\"item\":\"https:\/\/ifyter.com\/\"},{\"@type\":\"ListItem\",\"position\":2,\"name\":\"Proyectos\"}]},{\"@type\":\"WebSite\",\"@id\":\"https:\/\/ifyter.com\/#website\",\"url\":\"https:\/\/ifyter.com\/\",\"name\":\"Ifyter - Soluciones Fotovoltaicas\",\"description\":\"\",\"publisher\":{\"@id\":\"https:\/\/ifyter.com\/#organization\"},\"potentialAction\":[{\"@type\":\"SearchAction\",\"target\":{\"@type\":\"EntryPoint\",\"urlTemplate\":\"https:\/\/ifyter.com\/?s={search_term_string}\"},\"query-input\":{\"@type\":\"PropertyValueSpecification\",\"valueRequired\":true,\"valueName\":\"search_term_string\"}}],\"inLanguage\":\"es\"},{\"@type\":\"Organization\",\"@id\":\"https:\/\/ifyter.com\/#organization\",\"name\":\"IFYTER SOL.LUCIONS ENERG\u00c8TIQUES S.L.\",\"url\":\"https:\/\/ifyter.com\/\",\"logo\":{\"@type\":\"ImageObject\",\"inLanguage\":\"es\",\"@id\":\"https:\/\/ifyter.com\/#\/schema\/logo\/image\/\",\"url\":\"https:\/\/ifyter.com\/wp-content\/uploads\/2025\/03\/cropped-cropped-logo-ifyter-solo-nou.png\",\"contentUrl\":\"https:\/\/ifyter.com\/wp-content\/uploads\/2025\/03\/cropped-cropped-logo-ifyter-solo-nou.png\",\"width\":176,\"height\":177,\"caption\":\"IFYTER SOL.LUCIONS ENERG\u00c8TIQUES S.L.\"},\"image\":{\"@id\":\"https:\/\/ifyter.com\/#\/schema\/logo\/image\/\"},\"sameAs\":[\"https:\/\/www.facebook.com\/ifyter\",\"https:\/\/www.youtube.com\/channel\/UCQH6Imvuoou7_5oDt81lX5A?view_as=subscriber\",\"https:\/\/www.linkedin.com\/company\/ifyter\/\"]}]}<\/script>\n<!-- \/ Yoast SEO plugin. -->","yoast_head_json":{"title":"Proyectos - Ifyter - Soluciones Fotovoltaicas","robots":{"index":"index","follow":"follow","max-snippet":"max-snippet:-1","max-image-preview":"max-image-preview:large","max-video-preview":"max-video-preview:-1"},"canonical":"https:\/\/ifyter.com\/?page_id=55","og_locale":"es_ES","og_type":"article","og_title":"Proyectos - Ifyter - Soluciones Fotovoltaicas","og_description":"Proyectos Home Proyectos Proyectos A continuaci\u00f3n te presentamos algunas muestras de nuestros proyectos Fotovoltaica Autoconsumo Residencial en l\u2019Horta Nord Saber m\u00e1s Renovaci\u00f3n Instalaci\u00f3n Enlace en Comunidad de Propietarios Saber m\u00e1s Instalaci\u00f3n de Video portero autom\u00e1tico en Alm\u00e0ssera Saber m\u00e1s Instalaci\u00f3n Fotovoltaica Aislada en Industria Saber m\u00e1s Fotovoltaica de Autoconsumo en Edificio de Oficinas en Paterna [&hellip;]","og_url":"https:\/\/ifyter.com\/?page_id=55","og_site_name":"Ifyter - Soluciones Fotovoltaicas","article_publisher":"https:\/\/www.facebook.com\/ifyter","article_modified_time":"2025-03-14T07:08:09+00:00","og_image":[{"url":"https:\/\/ifyter.com\/wp-content\/uploads\/2025\/03\/013-residencial-coplanar-e1741767774178-150x150.jpg","type":"","width":"","height":""}],"twitter_card":"summary_large_image","twitter_misc":{"Tiempo de lectura":"2 minutos"},"schema":{"@context":"https:\/\/schema.org","@graph":[{"@type":"WebPage","@id":"https:\/\/ifyter.com\/?page_id=55","url":"https:\/\/ifyter.com\/?page_id=55","name":"Proyectos - Ifyter - Soluciones Fotovoltaicas","isPartOf":{"@id":"https:\/\/ifyter.com\/#website"},"primaryImageOfPage":{"@id":"https:\/\/ifyter.com\/?page_id=55#primaryimage"},"image":{"@id":"https:\/\/ifyter.com\/?page_id=55#primaryimage"},"thumbnailUrl":"https:\/\/ifyter.com\/wp-content\/uploads\/2025\/03\/013-residencial-coplanar-e1741767774178-150x150.jpg","datePublished":"2023-06-05T03:46:31+00:00","dateModified":"2025-03-14T07:08:09+00:00","breadcrumb":{"@id":"https:\/\/ifyter.com\/?page_id=55#breadcrumb"},"inLanguage":"es","potentialAction":[{"@type":"ReadAction","target":["https:\/\/ifyter.com\/?page_id=55"]}]},{"@type":"ImageObject","inLanguage":"es","@id":"https:\/\/ifyter.com\/?page_id=55#primaryimage","url":"https:\/\/ifyter.com\/wp-content\/uploads\/2025\/03\/013-residencial-coplanar-e1741767774178.jpg","contentUrl":"https:\/\/ifyter.com\/wp-content\/uploads\/2025\/03\/013-residencial-coplanar-e1741767774178.jpg","width":640,"height":480},{"@type":"BreadcrumbList","@id":"https:\/\/ifyter.com\/?page_id=55#breadcrumb","itemListElement":[{"@type":"ListItem","position":1,"name":"Portada","item":"https:\/\/ifyter.com\/"},{"@type":"ListItem","position":2,"name":"Proyectos"}]},{"@type":"WebSite","@id":"https:\/\/ifyter.com\/#website","url":"https:\/\/ifyter.com\/","name":"Ifyter - Soluciones Fotovoltaicas","description":"","publisher":{"@id":"https:\/\/ifyter.com\/#organization"},"potentialAction":[{"@type":"SearchAction","target":{"@type":"EntryPoint","urlTemplate":"https:\/\/ifyter.com\/?s={search_term_string}"},"query-input":{"@type":"PropertyValueSpecification","valueRequired":true,"valueName":"search_term_string"}}],"inLanguage":"es"},{"@type":"Organization","@id":"https:\/\/ifyter.com\/#organization","name":"IFYTER SOL.LUCIONS ENERG\u00c8TIQUES S.L.","url":"https:\/\/ifyter.com\/","logo":{"@type":"ImageObject","inLanguage":"es","@id":"https:\/\/ifyter.com\/#\/schema\/logo\/image\/","url":"https:\/\/ifyter.com\/wp-content\/uploads\/2025\/03\/cropped-cropped-logo-ifyter-solo-nou.png","contentUrl":"https:\/\/ifyter.com\/wp-content\/uploads\/2025\/03\/cropped-cropped-logo-ifyter-solo-nou.png","width":176,"height":177,"caption":"IFYTER SOL.LUCIONS ENERG\u00c8TIQUES S.L."},"image":{"@id":"https:\/\/ifyter.com\/#\/schema\/logo\/image\/"},"sameAs":["https:\/\/www.facebook.com\/ifyter","https:\/\/www.youtube.com\/channel\/UCQH6Imvuoou7_5oDt81lX5A?view_as=subscriber","https:\/\/www.linkedin.com\/company\/ifyter\/"]}]}},"_links":{"self":[{"href":"https:\/\/ifyter.com\/index.php?rest_route=\/wp\/v2\/pages\/55","targetHints":{"allow":["GET"]}}],"collection":[{"href":"https:\/\/ifyter.com\/index.php?rest_route=\/wp\/v2\/pages"}],"about":[{"href":"https:\/\/ifyter.com\/index.php?rest_route=\/wp\/v2\/types\/page"}],"author":[{"embeddable":true,"href":"https:\/\/ifyter.com\/index.php?rest_route=\/wp\/v2\/users\/1"}],"replies":[{"embeddable":true,"href":"https:\/\/ifyter.com\/index.php?rest_route=%2Fwp%2Fv2%2Fcomments&post=55"}],"version-history":[{"count":58,"href":"https:\/\/ifyter.com\/index.php?rest_route=\/wp\/v2\/pages\/55\/revisions"}],"predecessor-version":[{"id":2975,"href":"https:\/\/ifyter.com\/index.php?rest_route=\/wp\/v2\/pages\/55\/revisions\/2975"}],"wp:attachment":[{"href":"https:\/\/ifyter.com\/index.php?rest_route=%2Fwp%2Fv2%2Fmedia&parent=55"}],"curies":[{"name":"wp","href":"https:\/\/api.w.org\/{rel}","templated":true}]}}